{"id":1602,"date":"2014-07-24T16:00:21","date_gmt":"2014-07-24T14:00:21","guid":{"rendered":"http:\/\/localhost\/wordpress\/?page_id=1602"},"modified":"2026-08-28T11:39:46","modified_gmt":"2026-08-28T10:39:46","slug":"a-la-une","status":"publish","type":"page","link":"https:\/\/uparbois.org\/?page_id=1602","title":{"rendered":"Les \u00c9v\u00e9nements de vos paroisses"},"content":{"rendered":"\n<p>&nbsp;<\/p>\n<p>&nbsp;<\/p>\n<p><img loading=\"lazy\" decoding=\"async\" class=\"size-medium wp-image-20606 alignleft\" src=\"https:\/\/uparbois.org\/wp-content\/uploads\/2026\/08\/ND-du-LAUS-2026-INSCRIPTIONS-204x300.jpg\" alt=\"\" width=\"204\" height=\"300\" srcset=\"https:\/\/uparbois.org\/wp-content\/uploads\/2026\/08\/ND-du-LAUS-2026-INSCRIPTIONS-204x300.jpg 204w, https:\/\/uparbois.org\/wp-content\/uploads\/2026\/08\/ND-du-LAUS-2026-INSCRIPTIONS-697x1024.jpg 697w, https:\/\/uparbois.org\/wp-content\/uploads\/2026\/08\/ND-du-LAUS-2026-INSCRIPTIONS-768x1128.jpg 768w, https:\/\/uparbois.org\/wp-content\/uploads\/2026\/08\/ND-du-LAUS-2026-INSCRIPTIONS.jpg 963w\" sizes=\"(max-width: 204px) 100vw, 204px\" \/><span style=\"text-decoration: underline;\"><span style=\"color: #ff0000; text-decoration: underline;\"><strong>P\u00c8LERINAGE PAROISSIAL A NOTRE DAME DU LAUS<\/strong><\/span><\/span><\/p>\n<p>Notre p\u00e8lerinage annuel aura lieu du jeudi 22 au dimanche 25 octobre<\/p>\n<p>Les inscriptions sont ouvertes&#8230;Pour les enfants c&rsquo;est gratuit !<\/p>\n<p>Venez vivre un temps de ressourcement dans ce lieu o\u00f9 le ciel vient \u00e0 la rencontre de la terre.<\/p>\n<p>Sanctuaire marial des Alpes de Haute Provence qui t\u00e9moigne des rencontres de Benoite Rencurel avec la Vierge Marie.<\/p>\n<p>Au programme de ces 4 jours : des veill\u00e9es, des enseignements, des jeux, des marches, la pri\u00e8re et des d\u00e9couvertes&#8230;<\/p>\n<p><a href=\"https:\/\/public.enoria.app\/pubinsc\/gp\/d747d93766e63dd\/open\" target=\"_blank\" rel=\"noopener\"><strong>OUI je souhaite participer<\/strong><\/a><\/p>\n<hr \/>\n<p>&nbsp;<\/p>\n\n\n\n<p><img loading=\"lazy\" decoding=\"async\" class=\"size-medium wp-image-20602 alignleft\" src=\"https:\/\/uparbois.org\/wp-content\/uploads\/2026\/08\/Messe-de-rentree-2026-200x300.png\" alt=\"\" width=\"200\" height=\"300\" srcset=\"https:\/\/uparbois.org\/wp-content\/uploads\/2026\/08\/Messe-de-rentree-2026-200x300.png 200w, https:\/\/uparbois.org\/wp-content\/uploads\/2026\/08\/Messe-de-rentree-2026-683x1024.png 683w, https:\/\/uparbois.org\/wp-content\/uploads\/2026\/08\/Messe-de-rentree-2026-768x1152.png 768w, https:\/\/uparbois.org\/wp-content\/uploads\/2026\/08\/Messe-de-rentree-2026.png 1024w\" sizes=\"(max-width: 200px) 100vw, 200px\" \/><span style=\"text-decoration: underline; color: #ff0000;\"><strong>\u00a0MESSE DE RENTR\u00c9E DE L&rsquo;UP ND de l&rsquo;ARBOIS<\/strong><\/span><\/p>\n<p>Dimanche 13 septembre \u00e0 10h30 \u00e0 Calas, nous vous attendons nombreux<\/p>\n<p>pour la Messe de rentr\u00e9e en plein air.<\/p>\n<p>Elle marquera la reprise de nos activit\u00e9s paroissiales.<\/p>\n<p>Nous accueillerons le P\u00e8re Bienvenue et les nouveaux arrivants.<\/p>\n<p>Le P\u00e8re Luc Marie b\u00e9nira cartables et \u00e9coliers.<\/p>\n<p>Apr\u00e8s la messe, Un ap\u00e9ritif vous sera offert suivi du repas partag\u00e9.<\/p>\n<p>Temps convivial, familial et chaleureux pour rendre gr\u00e2ces au Seigneur de l&rsquo;amour qu&rsquo;il nous donne \u00e0 partager.<\/p>\n<hr \/>\n<p><img loading=\"lazy\" decoding=\"async\" class=\"size-medium wp-image-20487 alignleft\" src=\"https:\/\/uparbois.org\/wp-content\/uploads\/2026\/07\/Pape-Paris-213x300.png\" alt=\"\" width=\"213\" height=\"300\" srcset=\"https:\/\/uparbois.org\/wp-content\/uploads\/2026\/07\/Pape-Paris-213x300.png 213w, https:\/\/uparbois.org\/wp-content\/uploads\/2026\/07\/Pape-Paris.png 530w\" sizes=\"(max-width: 213px) 100vw, 213px\" \/> \u00a0<span style=\"text-decoration: underline;\"><span style=\"color: #ff0000; text-decoration: underline;\"><strong>VISITE DU PAPE L\u00c9ON XIV \u00e0 PARIS<\/strong><\/span><\/span><\/p>\n<p><strong>Du 25 au 27 septembre 2026<\/strong><\/p>\n<p>Ce p\u00e8lerinage organis\u00e9 par le dioc\u00e8se de Marseille, vous propose un itin\u00e9raire spirituel sur les pas de Charles de Foucauld, avec notamment la d\u00e9couverte de l&rsquo;\u00e9glise Saint-Augustin, lieu de la conversion de Charles de Foucauld, ainsi que des c\u00e9l\u00e9brations au Sacr\u00e9-C\u0153ur de Montmartre et \u00e0 Notre-Dame de Paris.<\/p>\n<p>Ce p\u00e8lerinage est \u00e9galement ouvert aux pr\u00eatres et aux diacres du dioc\u00e8se qui souhaitent participer \u00e0 cette d\u00e9marche et assister \u00e0 la rencontre avec le Saint-P\u00e8re.\u00a0<\/p>\n<p>Pour vous inscrire, merci de cliquer sur le lien ci-dessous, puis de valider votre inscription en effectuant votre r\u00e8glement (ou le versement de l&rsquo;acompte) par virement bancaire ou par ch\u00e8que.<\/p>\n<h3><a href=\"https:\/\/www.venio.fr\/fr\/organisation\/servicedespelerinagesmarseille\" target=\"_blank\" rel=\"noopener\"><strong>Lien pour inscription\u00a0<\/strong>\u00a0<\/a> \u00a0\u26a0\ufe0f Attention : le nombre de places est limit\u00e9 \u00e0 100 participants.<\/h3>\n<p>Votre inscription ne sera d\u00e9finitivement confirm\u00e9e qu&rsquo;\u00e0 r\u00e9ception de votre paiement ou de votre acompte. Si celui-ci ne nous parvient pas dans un d\u00e9lai de 8 jours apr\u00e8s votre inscription en ligne, celle-ci sera automatiquement annul\u00e9e, afin de permettre \u00e0 d&rsquo;autres p\u00e8lerins de b\u00e9n\u00e9ficier des places disponibles.<\/p>\n<p>Ne tardez pas \u00e0 vous inscrire ! Nous serons heureux de vivre avec vous ce grand moment de foi et de communion avec le Saint-P\u00e8re.<\/p>\n<p>P\u00e8re Nicolas LUBRANO &#8211;\u00a0Directeur des p\u00e8lerinages<\/p>\n<hr \/>\n<p><img loading=\"lazy\" decoding=\"async\" class=\"size-medium wp-image-20434 alignleft\" src=\"https:\/\/uparbois.org\/wp-content\/uploads\/2026\/06\/Pere-Bienvenu-Bonni-158x300.jpg\" alt=\"\" width=\"158\" height=\"300\" srcset=\"https:\/\/uparbois.org\/wp-content\/uploads\/2026\/06\/Pere-Bienvenu-Bonni-158x300.jpg 158w, https:\/\/uparbois.org\/wp-content\/uploads\/2026\/06\/Pere-Bienvenu-Bonni-540x1024.jpg 540w, https:\/\/uparbois.org\/wp-content\/uploads\/2026\/06\/Pere-Bienvenu-Bonni-768x1456.jpg 768w, https:\/\/uparbois.org\/wp-content\/uploads\/2026\/06\/Pere-Bienvenu-Bonni-810x1536.jpg 810w, https:\/\/uparbois.org\/wp-content\/uploads\/2026\/06\/Pere-Bienvenu-Bonni-1080x2048.jpg 1080w, https:\/\/uparbois.org\/wp-content\/uploads\/2026\/06\/Pere-Bienvenu-Bonni.jpg 1170w\" sizes=\"(max-width: 158px) 100vw, 158px\" \/><\/p>\n<p>\u00a0 <span style=\"text-decoration: underline;\"><span style=\"color: #ff0000; text-decoration: underline;\"><strong>P<\/strong><strong><span style=\"color: #ff0000; text-decoration: underline;\">\u00c8<\/span>RE BIENVENUE BONNI<\/strong><\/span><\/span><\/p>\n<p>\u00a0 En septembre prochain, nous aurons la joie d&rsquo;accueillir un nouveau vicaire dominical,<\/p>\n<p>\u00a0 en la personne du P\u00e8re Bienvenue Bonni. Le P\u00e8re Bienvenue, pr\u00eatre du dioc\u00e8se de Natitingou, au B\u00e9nin,<\/p>\n<p>\u00a0 est formateur au S\u00e9minaire Saint Luc d&rsquo;Aix-en-Provence, apr\u00e8s avoir exerc\u00e9 diverses fonctions dans notre dioc\u00e8se.<\/p>\n<p>\u00a0 Nous lui disons: \u00e0 bient\u00f4t, P\u00e8re !<\/p>\n<p>\u00a0<\/p>\n<p>\u00a0<\/p>\n<hr \/>\n<p><a href=\"https:\/\/uparbois.org\/wp-content\/uploads\/2026\/07\/prOgramme-grands-jeunes-2026-2027.jpeg\"><img loading=\"lazy\" decoding=\"async\" class=\"size-medium wp-image-20538 alignleft\" src=\"https:\/\/uparbois.org\/wp-content\/uploads\/2026\/07\/prOgramme-grands-jeunes-2026-2027-225x300.jpeg\" alt=\"\" width=\"225\" height=\"300\" srcset=\"https:\/\/uparbois.org\/wp-content\/uploads\/2026\/07\/prOgramme-grands-jeunes-2026-2027-225x300.jpeg 225w, https:\/\/uparbois.org\/wp-content\/uploads\/2026\/07\/prOgramme-grands-jeunes-2026-2027.jpeg 480w\" sizes=\"(max-width: 225px) 100vw, 225px\" \/><\/a>\u00a0 <span style=\"text-decoration: underline;\"><span style=\"color: #ff0000;\"><strong>AUM\u00d4NERIE DES GRANDS JEUNES LYC\u00c9ENS<\/strong><\/span><\/span><\/p>\n<p>Voir les temps forts sur les affiches&#8230;Toute aide est pr\u00e9cieuse&#8230;<\/p>\n<p>\u00a0<\/p>\n<p>\u00a0<\/p>\n<p>\u00a0<\/p>\n<p>\u00a0<\/p>\n<p>\u00a0<\/p>\n<p><img loading=\"lazy\" decoding=\"async\" class=\"alignnone size-medium wp-image-20618\" src=\"https:\/\/uparbois.org\/wp-content\/uploads\/2026\/08\/programme-fixe-GJ.-2026-a-21_04_41-240x300.png\" alt=\"\" width=\"240\" height=\"300\" srcset=\"https:\/\/uparbois.org\/wp-content\/uploads\/2026\/08\/programme-fixe-GJ.-2026-a-21_04_41-240x300.png 240w, https:\/\/uparbois.org\/wp-content\/uploads\/2026\/08\/programme-fixe-GJ.-2026-a-21_04_41.png 480w\" sizes=\"(max-width: 240px) 100vw, 240px\" \/><\/p>\n<hr \/>\n<h3><img loading=\"lazy\" decoding=\"async\" class=\"wp-image-20500 alignleft\" src=\"https:\/\/uparbois.org\/wp-content\/uploads\/2026\/07\/jmj-provence-2027-300x300-1.jpeg\" alt=\"\" width=\"169\" height=\"169\" srcset=\"https:\/\/uparbois.org\/wp-content\/uploads\/2026\/07\/jmj-provence-2027-300x300-1.jpeg 300w, https:\/\/uparbois.org\/wp-content\/uploads\/2026\/07\/jmj-provence-2027-300x300-1-100x100.jpeg 100w\" sizes=\"(max-width: 169px) 100vw, 169px\" \/><\/h3>\n<h3><span style=\"text-decoration: underline;\"><span style=\"color: #ff0000; text-decoration: underline;\"><strong>JOURN\u00c9ES MONDIALES JEUNESSE J M J 2027<\/strong><\/span><\/span><\/h3>\n<p>Les prochaines Journ\u00e9es Mondiales de la Jeunesse \u2014 le grand rassemblement mondial de la jeunesse catholique autour du Pape \u2014 se tiendront du <strong>3 au 8 ao\u00fbt 2027 \u00e0 S\u00e9oul, en Cor\u00e9e du Sud<\/strong>, en pr\u00e9sence du pape L\u00e9on XIV. Pour les jeunes du dioc\u00e8se d\u2019Aix et Arles, ce p\u00e8lerinage a une r\u00e9sonance toute particuli\u00e8re : un fils de notre terre proven\u00e7ale est devenu saint en Cor\u00e9e :<strong> Saint Laurent Imbert.<\/strong><\/p>\n<p>\u00a0<\/p>\n<p><img loading=\"lazy\" decoding=\"async\" class=\"wp-image-20501 alignleft\" src=\"https:\/\/uparbois.org\/wp-content\/uploads\/2026\/07\/Logo-JMJ-2027-300x250.png\" alt=\"\" width=\"194\" height=\"161\" srcset=\"https:\/\/uparbois.org\/wp-content\/uploads\/2026\/07\/Logo-JMJ-2027-300x250.png 300w, https:\/\/uparbois.org\/wp-content\/uploads\/2026\/07\/Logo-JMJ-2027.png 600w\" sizes=\"(max-width: 194px) 100vw, 194px\" \/><\/p>\n<ul>\n<li><strong>Dates :<\/strong><br \/>JMJ \u00e0 S\u00e9oul : du 3 au 8 ao\u00fbt 2027<br \/><strong>\u00c2ge :<\/strong> \u00e0 partir de 18 ans (19 ans, \u00e2ge de la majorit\u00e9 en Cor\u00e9e \u2014 en attente de confirmation par les autorit\u00e9s cor\u00e9ennes)<\/li>\n<li><strong>Co\u00fbt estim\u00e9 :<\/strong> entre 2 000 et 3 000 euros, selon les tarifs a\u00e9riens (pr\u00e9cision attendue en 2026)<\/li>\n<\/ul>\n<p><strong>Inscriptions :<\/strong> ouverture pr\u00e9vue en septembre\u2013octobre 2026 sur la plateforme nationale <em>Venio<\/em>.)<\/p>\n<p><strong>Comment participer depuis notre dioc\u00e8se ?<\/strong><\/p>\n<ol>\n<li><strong>Se faire conna\u00eetre d\u00e8s maintenant<\/strong> \u2014 Contacter le service dioc\u00e9sain Jeunes et Vocations pour rejoindre le groupe de pr\u00e9paration.<\/li>\n<li><strong>S\u2019inscrire \u00e0 l\u2019automne 2026<\/strong> \u2014 Les inscriptions officielles ouvriront en septembre\u2013octobre 2026 sur la plateforme <em>Venio<\/em>.<\/li>\n<li><strong>Rejoindre une route nationale<\/strong> \u2014 Le dioc\u00e8se d\u2019Aix et Arles sera int\u00e9gr\u00e9 \u00e0 l\u2019une des routes organis\u00e9es au niveau national.<\/li>\n<li><strong>Se pr\u00e9parer ensemble<\/strong> \u2014 D\u00e9couvrir l\u2019\u00c9glise de Cor\u00e9e et ses martyrs, pr\u00e9parer spirituellement et humainement le p\u00e8lerinage, rechercher des financements si n\u00e9cessaire.<\/li>\n<\/ol>\n<p>Pour toute question ou pour manifester votre int\u00e9r\u00eat, contactez le <strong>service JMJ du dioc\u00e8se d\u2019Aix et Arles :<br \/>jmj2027aixetarles@gmail.com<\/strong><\/p>\n<hr \/>\n<p><img loading=\"lazy\" decoding=\"async\" class=\"size-medium wp-image-20303 alignleft\" src=\"https:\/\/uparbois.org\/wp-content\/uploads\/2026\/04\/cropped-Logo-UP-2026-300x145.jpg\" alt=\"\" width=\"300\" height=\"145\" srcset=\"https:\/\/uparbois.org\/wp-content\/uploads\/2026\/04\/cropped-Logo-UP-2026-300x145.jpg 300w, https:\/\/uparbois.org\/wp-content\/uploads\/2026\/04\/cropped-Logo-UP-2026-1024x494.jpg 1024w, https:\/\/uparbois.org\/wp-content\/uploads\/2026\/04\/cropped-Logo-UP-2026-768x370.jpg 768w, https:\/\/uparbois.org\/wp-content\/uploads\/2026\/04\/cropped-Logo-UP-2026.jpg 1170w\" sizes=\"(max-width: 300px) 100vw, 300px\" \/><\/p>\n<p>\u00a0<\/p>\n<p>\u00a0<\/p>\n<p>\u00a0<\/p>\n<p>\u00a0<\/p>\n<p><span style=\"text-decoration: underline;\"><span style=\"color: #ff0000; text-decoration: underline;\"><strong>NOUVEAU LOGO &#8211; D\u00c9FINITION<\/strong><\/span><\/span><\/p>\n<p>Une identit\u00e9 tourn\u00e9e vers la Vierge Marie :<\/p>\n<p>\u00c0 travers cette nouvelle repr\u00e9sentation, notre Unit\u00e9 Pastorale se place sous le regard bienveillant de la Sainte Vierge.<\/p>\n<p><span style=\"text-decoration: underline;\">Sa pr\u00e9sence au c\u0153ur du logo nous rappelle<\/span> : <strong>\u2022 la douceur de l\u2019accueil \u2022 la confiance dans le Seigneur \u2022 l\u2019\u00e9coute et la disponibilit\u00e9 \u2022 l\u2019appel \u00e0 servir avec humilit\u00e9 et joie<\/strong><\/p>\n<p><span style=\"text-decoration: underline;\">Un symbole de notre mission<\/span> : Les \u00e9l\u00e9ments visuels traduisent \u00e9galement ce qui nous unit au quotidien :<strong> \u2022 une communaut\u00e9 familiale et fraternelle \u2022 une \u00c9glise vivante et missionnaire \u2022 un lieu accueillant pour tous, anciens comme nouveaux arrivants \u2022 une unit\u00e9 forte entre Bouc-Bel-Air et Cabri\u00e8s-Calas, rassembl\u00e9e autour de Notre-Dame de l\u2019Arbois <\/strong><\/p>\n<p><span style=\"text-decoration: underline;\">Une nouvelle \u00e9tape pour notre Unit\u00e9 Pastorale<\/span> : Ce logo marque une \u00e9tape importante dans la vie de notre paroisse. Il accompagnera d\u00e9sormais nos communications, nos \u00e9v\u00e9nements et notre pr\u00e9sence aupr\u00e8s de tous. Plus qu\u2019un simple visuel,<strong> il est<\/strong> <strong>une invitation : \u00e0 continuer de construire ensemble une communaut\u00e9 vivante, enracin\u00e9e dans la foi et ouverte au monde. <\/strong><\/p>\n<hr \/>\n<p>\u00a0<\/p>\n<p>\u00a0\u00a0<\/p>\n\n\n\n<p><img loading=\"lazy\" decoding=\"async\" class=\"size-medium wp-image-20206 alignleft\" src=\"https:\/\/uparbois.org\/wp-content\/uploads\/2026\/01\/OClocher-2026-213x300.jpg\" alt=\"\" width=\"213\" height=\"300\" srcset=\"https:\/\/uparbois.org\/wp-content\/uploads\/2026\/01\/OClocher-2026-213x300.jpg 213w, https:\/\/uparbois.org\/wp-content\/uploads\/2026\/01\/OClocher-2026.jpg 327w\" sizes=\"(max-width: 213px) 100vw, 213px\" \/>&nbsp;<span style=\"text-decoration: underline;\"><span style=\"color: #ff0000;\"><strong>OCLOCHER : NOUVEL OUTIL DE DIFFUSION DE L&rsquo;INFORMATION<\/strong><\/span><\/span><\/p>\n<div class=\"mtm _5pco\" data-testid=\"post_message\" data-ft=\"{&quot;tn&quot;:&quot;K&quot;}\">\n<div id=\"id_697b926e6b0bb3201873640\" class=\"text_exposed_root\">\n<p>Notre Unit\u00e9 pastorale se lance dans la communication du XXIe si\u00e8cle avec l&rsquo;application OClocher !<\/p>\n<p>Nous vous invitons \u00e0 la t\u00e9l\u00e9charger sans attendre pour vous permettre de suivre en temps r\u00e9el toute l&rsquo;actualit\u00e9 de notre Unit\u00e9 Pastorale Notre Dame de l&rsquo;Arbois. Les animateurs des diff\u00e9rents groupes alimentent directement leurs informations sur l&rsquo;application.<\/p>\n<p>&nbsp;<\/p>\n<p><a href=\"https:\/\/app.oclocher.fr\/\" target=\"_blank\" rel=\"noopener\">Enregistrez-vous<\/a> sur l&rsquo;application OClocher pour rester inform\u00e9s.<\/p>\n<\/div>\n<\/div>\n<p>&nbsp;<\/p>\n<div class=\"event\">\n<div class=\"properties left\"><hr \/><\/div>\n<\/div>\n\n\n\n<p><span style=\"color: #ff0000;\"><img loading=\"lazy\" decoding=\"async\" class=\"wp-image-19802 alignleft\" src=\"https:\/\/uparbois.org\/wp-content\/uploads\/2025\/05\/Blason-Leon-XIV-284x300.jpg\" alt=\"\" width=\"227\" height=\"240\" srcset=\"https:\/\/uparbois.org\/wp-content\/uploads\/2025\/05\/Blason-Leon-XIV-284x300.jpg 284w, https:\/\/uparbois.org\/wp-content\/uploads\/2025\/05\/Blason-Leon-XIV.jpg 483w\" sizes=\"(max-width: 227px) 100vw, 227px\" \/><span style=\"text-decoration: underline;\"><strong> IN ILLO UNO UNUM &#8211;&nbsp;<\/strong><\/span><\/span><span style=\"text-decoration: underline;\"><strong><span style=\"color: #ff0000; text-decoration: underline;\">EN CELUI QUI EST UN, SOYONS UN<\/span><\/strong><\/span><\/p>\n<p><strong>La devise de L\u00e9on XIV<\/strong>, \u00ab In illo uno unum \u00bb, que l\u2019on peut traduire par <strong>\u00ab En Celui qui est Un, soyons un \u00bb,<\/strong> puise son inspiration dans la pens\u00e9e de <strong>saint Augustin<\/strong>. Elle exprime un appel profond \u00e0 l\u2019unit\u00e9 des croyants dans le Christ, seul fondement v\u00e9ritable de la communion eccl\u00e9siale. Par ces mots, le pape souligne la centralit\u00e9 du Christ dans la mission de l\u2019\u00c9glise et invite \u00e0 d\u00e9passer les divisions pour retrouver l\u2019unit\u00e9 dans l\u2019Un, Dieu lui-m\u00eame.<br \/>Les armoiries pontificales de L\u00e9on XIV s\u2019inscrivent dans cette m\u00eame spiritualit\u00e9.&nbsp;<br \/><br \/><\/p>\n<p><a href=\"https:\/\/uparbois.org\/wp-content\/uploads\/2025\/05\/La-devise-de-Leon-XIV.pdf\" target=\"_blank\" rel=\"noopener\"><em>Lire l&rsquo;article entier<\/em><\/a><\/p>\n<hr \/>\n<p><img loading=\"lazy\" decoding=\"async\" class=\"size-medium wp-image-19799 alignleft\" src=\"https:\/\/uparbois.org\/wp-content\/uploads\/2025\/05\/Leon-XIV-216x300.jpg\" alt=\"\" width=\"216\" height=\"300\" srcset=\"https:\/\/uparbois.org\/wp-content\/uploads\/2025\/05\/Leon-XIV-216x300.jpg 216w, https:\/\/uparbois.org\/wp-content\/uploads\/2025\/05\/Leon-XIV-738x1024.jpg 738w, https:\/\/uparbois.org\/wp-content\/uploads\/2025\/05\/Leon-XIV-768x1066.jpg 768w, https:\/\/uparbois.org\/wp-content\/uploads\/2025\/05\/Leon-XIV-1107x1536.jpg 1107w, https:\/\/uparbois.org\/wp-content\/uploads\/2025\/05\/Leon-XIV.jpg 1170w\" sizes=\"(max-width: 216px) 100vw, 216px\" \/><\/p>\n<p><strong>&nbsp; <span style=\"text-decoration: underline;\"><span style=\"color: #ff0000; text-decoration: underline;\">HABEMUS PAPAM : L\u00c9ON XIV<\/span><\/span><\/strong><\/p>\n<p>Le 8 mai 2025, les cardinaux ont \u00e9lu<\/p>\n<p>Mgr Robert Francis PR\u00c9VOST,&nbsp;<\/p>\n<p>267\u00e8me successeur de Saint&nbsp; Pierre \u00e0 la t\u00eate de l&rsquo;\u00c9glise Catholique.<\/p>\n<p>Docteur en droit canonique, \u00e9v\u00eaque missionnaire au P\u00e9rou, prieur de l&rsquo;ordre de Saint Augustin, il a \u00e9t\u00e9 cr\u00e9\u00e9 cardinal en 2023 et nomm\u00e9 pr\u00e9fet du dicast\u00e8re pour les \u00e9v\u00eaques. Il s&rsquo;inscrit dans la droite ligne du Pape Fran\u00e7ois, notamment sur la synodalit\u00e9. Lors des crises politiques successives au P\u00e9rou, son r\u00f4le a \u00e9t\u00e9 d\u00e9terminant pour la paix.<\/p>\n<p>Nous remercions l&rsquo;Esprit Saint de votre \u00e9lection et vous accompagnons de nos pri\u00e8res.<\/p>\n<p>&nbsp;<\/p>\n<hr \/>\n<p><img loading=\"lazy\" decoding=\"async\" class=\"wp-image-19808 alignleft\" src=\"https:\/\/uparbois.org\/wp-content\/uploads\/2025\/05\/Charte-de-bientraitance-2025-300x212.png\" alt=\"\" width=\"219\" height=\"155\" srcset=\"https:\/\/uparbois.org\/wp-content\/uploads\/2025\/05\/Charte-de-bientraitance-2025-300x212.png 300w, https:\/\/uparbois.org\/wp-content\/uploads\/2025\/05\/Charte-de-bientraitance-2025-1024x723.png 1024w, https:\/\/uparbois.org\/wp-content\/uploads\/2025\/05\/Charte-de-bientraitance-2025-768x543.png 768w, https:\/\/uparbois.org\/wp-content\/uploads\/2025\/05\/Charte-de-bientraitance-2025.png 1107w\" sizes=\"(max-width: 219px) 100vw, 219px\" \/> <span style=\"text-decoration: underline;\"><span style=\"color: #ff0000;\"><strong>CHARTE DE BIENTRAITANCE PROTECTION DES MINEURS<\/strong><\/span><\/span><\/p>\n<p>Le <strong>Comit\u00e9 de protection des personnes contre les abus dans l\u2019\u00c9glise (CPPPCAE) a pour mission de:<\/strong><\/p>\n<ul>\n<li><strong>Accueillir et \u00c9couter<\/strong> les personnes<\/li>\n<li><strong>Assurer leur suivi et les accompagner<\/strong><\/li>\n<li><strong>Former et pr\u00e9venir<\/strong> clercs et la\u00efcs en mission d\u2019\u00c9glise<\/li>\n<li><strong>Informer et communiquer <\/strong>sur les actions conduites<\/li>\n<\/ul>\n<p>Pour servir l\u2019\u00c9glise catholique, en relation d\u2019aide aux personnes victimes ou auteurs.<br \/><strong>Fran\u00e7oise Gaussen &#8211; <\/strong><strong>Animatrice du CPPPCAE \u2013 T\u00e9l. 07 45 05 03 19<\/strong><\/p>\n<p>Le comit\u00e9 de protection des personnes s\u2019assure aussi de la diffusion des bonnes pratiques et du suivi de la r\u00e8glementation en mati\u00e8re de protection des mineurs, \u00e0 travers la <strong>charte de bientraitance<\/strong> que chaque animateur en pastorale aupr\u00e8s des mineurs s\u2019engage \u00e0 respecter.<\/p>\n<p><a href=\"https:\/\/uparbois.org\/wp-content\/uploads\/2025\/05\/charte-de-bientraitance-diocese-aix-cef.pdf\" target=\"_blank\" rel=\"noopener\"><em>Lire la charte de bientraitance<\/em><\/a><\/p>\n<hr \/>\n<p><img loading=\"lazy\" decoding=\"async\" class=\"wp-image-19628 alignleft\" src=\"https:\/\/uparbois.org\/wp-content\/uploads\/2025\/02\/IA-300x250.jpg\" alt=\"\" width=\"216\" height=\"180\" srcset=\"https:\/\/uparbois.org\/wp-content\/uploads\/2025\/02\/IA-300x250.jpg 300w, https:\/\/uparbois.org\/wp-content\/uploads\/2025\/02\/IA-768x640.jpg 768w, https:\/\/uparbois.org\/wp-content\/uploads\/2025\/02\/IA.jpg 1024w\" sizes=\"(max-width: 216px) 100vw, 216px\" \/><\/p>\n<p><span style=\"text-decoration: underline; color: #ff0000;\"><strong>INTELLIGENCE ARTIFICIELLE<\/strong><\/span><\/p>\n<p><strong><em>Note sur les relations entre l\u2019intelligence artificielle et l\u2019intelligence humaine<\/em><\/strong><\/p>\n<p>Le document&nbsp;<em>Antiqua Nova<\/em>, publi\u00e9 le 28 janvier 2025, traite des enjeux anthropologiques, \u00e9thiques et sociaux li\u00e9s \u00e0 l\u2019intelligence artificielle (IA). En 35 pages, il explore des domaines vari\u00e9s tels que l\u2019\u00e9ducation, l\u2019\u00e9conomie, le travail, la sant\u00e9, les relations humaines et la guerre. Il met en garde contre les risques de d\u00e9s\u00e9quilibres sociaux, de surveillance accrue, de perte des comp\u00e9tences humaines et d\u2019utilisation des armes autonomes sans contr\u00f4le humain.<\/p>\n<p>Un article sur le site du dioc\u00e8se offre une r\u00e9capitulation de la parole du Magist\u00e8re de l\u2019\u00c9glise sur l\u2019Intelligence artificielle ces derni\u00e8res ann\u00e9es.<\/p>\n<p><em>Vous le trouverez sur&nbsp;:&nbsp;<\/em><\/p>\n<p><a href=\"https:\/\/www.vatican.va\/roman_curia\/congregations\/cfaith\/documents\/rc_ddf_doc_20250128_antiqua-et-nova_fr.html#_ftn59\" target=\"_blank\" rel=\"noopener\"><em>Lire Antiqua et Nova<\/em><\/a><\/p>\n<p><a href=\"https:\/\/www.vatican.va\/content\/francesco\/fr\/messages\/pont-messages\/2025\/documents\/20250114-messaggio-world-economic-forum.html\" target=\"_blank\" rel=\"noopener\">Message du Pape Fran\u00e7ois au forum de Davos<\/a><\/p>\n\n\n\n<hr \/>\n<p><strong><img loading=\"lazy\" decoding=\"async\" class=\"size-medium wp-image-19303 alignleft\" src=\"https:\/\/uparbois.org\/wp-content\/uploads\/2024\/10\/IMG_3032page-1-209x300.jpg\" alt=\"\" width=\"209\" height=\"300\" srcset=\"https:\/\/uparbois.org\/wp-content\/uploads\/2024\/10\/IMG_3032page-1-209x300.jpg 209w, https:\/\/uparbois.org\/wp-content\/uploads\/2024\/10\/IMG_3032page-1-712x1024.jpg 712w, https:\/\/uparbois.org\/wp-content\/uploads\/2024\/10\/IMG_3032page-1-768x1105.jpg 768w, https:\/\/uparbois.org\/wp-content\/uploads\/2024\/10\/IMG_3032page-1-1068x1536.jpg 1068w, https:\/\/uparbois.org\/wp-content\/uploads\/2024\/10\/IMG_3032page-1-1424x2048.jpg 1424w, https:\/\/uparbois.org\/wp-content\/uploads\/2024\/10\/IMG_3032page-1.jpg 1698w\" sizes=\"(max-width: 209px) 100vw, 209px\" \/><span style=\"text-decoration: underline;\"><span style=\"color: #ff0000; text-decoration: underline;\">GUIDE DES SERVICES DE L&rsquo;UP ND de l&rsquo;ARBOIS (Ed.10\/2024)<\/span><\/span> <br \/><\/strong><\/p>\n<div>Vous trouverez ci-joint le d\u00e9pliant sur les services paroissiaux ou les services assur\u00e9s par des paroissiens.<\/div>\n<div>&nbsp;<\/div>\n<div>Chacun a sa place pour s&rsquo;incorporer \u00e0 un service qu&rsquo;il soit liturgique, cat\u00e9ch\u00e9tique (KT, aum\u00f4nerie, accompagnement des parents pour le bapt\u00eame, des fianc\u00e9s&#8230;), caritatif et d&rsquo;attention aux personnes.<\/div>\n<div>&nbsp;<\/div>\n<div>&nbsp;<\/div>\n<div><strong>L&rsquo;\u00c9glise, c&rsquo;est vou<\/strong>s, et <strong>vous aussi mettez vos talents au service des autres<\/strong> et faire ainsi rayonner la bonne nouvelle du Christ ressuscit\u00e9.<\/div>\n<div>&nbsp;<\/div>\n<div>Des services s&rsquo;ajoutent r\u00e9guli\u00e8rement, et vous pouvez ajouter le v\u00f4tre.<\/div>\n<div>Le petit dernier est celui de la Table Ouverte Paroissiale avec Agathe Stevens comme contact 06 15 28 66 66.<\/div>\n<div>&nbsp;<\/div>\n<div>&nbsp;<\/div>\n<div><a href=\"https:\/\/uparbois.org\/wp-content\/uploads\/2024\/10\/Depliant-services-2024-09.pdf\" target=\"_blank\" rel=\"noopener\">Voir le guide d&rsquo;octobre 2024<\/a><\/div>\n<div>&nbsp;<\/div>\n<div><hr \/><\/div>\n<p>&nbsp;<\/p>\n\n\n\n<p><img loading=\"lazy\" decoding=\"async\" class=\" wp-image-17667 alignleft\" src=\"https:\/\/uparbois.org\/wp-content\/uploads\/2022\/09\/Armoiries-X-Delarbre-1-238x300.png\" alt=\"\" width=\"213\" height=\"269\" srcset=\"https:\/\/uparbois.org\/wp-content\/uploads\/2022\/09\/Armoiries-X-Delarbre-1-238x300.png 238w, https:\/\/uparbois.org\/wp-content\/uploads\/2022\/09\/Armoiries-X-Delarbre-1.png 277w\" sizes=\"(max-width: 213px) 100vw, 213px\" \/><strong><span style=\"color: #0000ff;\">\u00d4 INTERMINATA CARITAS&#8230; \u00d4 CHARIT\u00c9 SANS BORNE&#8230;\u00a0\u00a0\u00a0\u00a0\u00a0\u00a0\u00a0\u00a0\u00a0\u00a0\u00a0\u00a0\u00a0\u00a0\u00a0\u00a0\u00a0\u00a0\u00a0\u00a0\u00a0\u00a0\u00a0\u00a0\u00a0\u00a0\u00a0\u00a0\u00a0\u00a0\u00a0\u00a0\u00a0\u00a0\u00a0\u00a0\u00a0\u00a0\u00a0\u00a0\u00a0\u00a0\u00a0\u00a0\u00a0\u00a0 \u00a0 \u00a0 \u00a0 \u00a0\u00a0 \u00a0\u00a0\u00a0\u00a0 LES ARMOIRIES DE MGR CHRISTIAN DELARBRE <\/span><br \/><\/strong><\/p>\n<p><strong><em>Gironn\u00e9 de gueules et d\u2019argent de douze pi\u00e8ces, appoint\u00e9 au point d\u2019honneur, \u00e0 la croix latine issante d\u2019un rocher \u00e0 trois coupeaux d\u2019or, sur le tout.<\/em><\/strong><\/p>\n<p>Les douze pi\u00e8ces du gironn\u00e9, \u00e9voquent les douze tribus d\u2019Isra\u00ebl, les douze ap\u00f4tres et leur mission qui conduit, par l\u2019annonce de la Parole de Dieu, et le t\u00e9moignage de son amour, \u00e0 la J\u00e9rusalem c\u00e9leste et \u00e9ternelle par laquelle on entre par douze portes. La croix latine est au c\u0153ur de ce rayonnement. Enracin\u00e9e sur un rocher \u00e0 trois coupeaux qui \u00e9voquent la Sainte-Trinit\u00e9. L\u2019or est l\u2019\u00e9mail qui repr\u00e9sente la foi, en h\u00e9raldique, elle est la couleur de la lumi\u00e8re. <em>\u00ab\u00a0Il n\u2019y a pas de plus grand amour que de donner sa vie pour ceux qu\u2019on aime\u00a0\u00bb<\/em>, cet amour qui s\u2019est manifest\u00e9 sur la croix par l\u2019effusion du sang et de l\u2019eau (gueules et argent) s\u2019enracine en la Sainte-Trinit\u00e9. Ce rayonnement veut qui vient du c\u0153ur de la croix est sans fronti\u00e8re. La croix latine sur le rocher \u00e0 trois coupeaux est aussi une repr\u00e9sentation de la croix de Provence qui se dresse sur la Sainte-Victoire, dominant Aix-en-Provence, et veillant sur le dioc\u00e8se. L\u2019utilisation de trois \u00e9maux renforce la r\u00e9f\u00e9rence \u00e0 la Sainte-Trinit\u00e9. \u00ab Sang et or \u00bb sont les couleurs de la Provence, mais aussi celles de Toulouse d\u2019o\u00f9 arrive Mgr Delarbre. L\u2019argent et le gueules sont celles d\u2019Auch, dioc\u00e8se d\u2019origine de Mgr Delarbre. En outre, l\u2019or, l\u2019argent et gueules sont les couleurs de la ville de L\u2019Isle-Jourdain, premi\u00e8re paroisse qui a beaucoup marqu\u00e9 l\u2019\u00e9v\u00eaque, et patrie de saint Bertrand de Comminges.\u00a0 <em>\u00ab\u00a0O Interminata Caritas\u00a0\u00bb<\/em>, l\u2019amour du Dieu trinitaire n\u2019a pas de borne ni de fronti\u00e8re, c\u2019est cet amour qui nous habite comme chr\u00e9tien, et dont on t\u00e9moigne. Habit\u00e9 par l\u2019amour de Dieu pour en t\u00e9moigner sans fronti\u00e8re et sans limite.\u00a0 [<em>Abb\u00e9 Bruno Gerthoux Archiviste du dioc\u00e8se d\u2019<\/em><\/p>\n<hr \/>\n","protected":false},"excerpt":{"rendered":"<p>&nbsp; &nbsp; P\u00c8LERINAGE PAROISSIAL A NOTRE DAME DU LAUS Notre p\u00e8lerinage annuel aura lieu du jeudi 22 au dimanche 25 octobre Les inscriptions sont ouvertes&#8230;Pour les enfants c&rsquo;est gratuit ! Venez vivre un temps de ressourcement dans ce lieu o\u00f9 le ciel vient \u00e0 la rencontre de la terre. Sanctuaire marial des Alpes de Haute [&hellip;]<\/p>\n","protected":false},"author":3,"featured_media":0,"parent":0,"menu_order":0,"comment_status":"closed","ping_status":"closed","template":"","meta":{"ocean_post_layout":"","ocean_both_sidebars_style":"","ocean_both_sidebars_content_width":0,"ocean_both_sidebars_sidebars_width":0,"ocean_sidebar":"0","ocean_second_sidebar":"0","ocean_disable_margins":"enable","ocean_add_body_class":"","ocean_shortcode_before_top_bar":"","ocean_shortcode_after_top_bar":"","ocean_shortcode_before_header":"","ocean_shortcode_after_header":"","ocean_has_shortcode":"","ocean_shortcode_after_title":"","ocean_shortcode_before_footer_widgets":"","ocean_shortcode_after_footer_widgets":"","ocean_shortcode_before_footer_bottom":"","ocean_shortcode_after_footer_bottom":"","ocean_display_top_bar":"default","ocean_display_header":"default","ocean_header_style":"","ocean_center_header_left_menu":"0","ocean_custom_header_template":"0","ocean_custom_logo":0,"ocean_custom_retina_logo":0,"ocean_custom_logo_max_width":0,"ocean_custom_logo_tablet_max_width":0,"ocean_custom_logo_mobile_max_width":0,"ocean_custom_logo_max_height":0,"ocean_custom_logo_tablet_max_height":0,"ocean_custom_logo_mobile_max_height":0,"ocean_header_custom_menu":"0","ocean_menu_typo_font_family":"0","ocean_menu_typo_font_subset":"","ocean_menu_typo_font_size":0,"ocean_menu_typo_font_size_tablet":0,"ocean_menu_typo_font_size_mobile":0,"ocean_menu_typo_font_size_unit":"px","ocean_menu_typo_font_weight":"","ocean_menu_typo_font_weight_tablet":"","ocean_menu_typo_font_weight_mobile":"","ocean_menu_typo_transform":"","ocean_menu_typo_transform_tablet":"","ocean_menu_typo_transform_mobile":"","ocean_menu_typo_line_height":0,"ocean_menu_typo_line_height_tablet":0,"ocean_menu_typo_line_height_mobile":0,"ocean_menu_typo_line_height_unit":"","ocean_menu_typo_spacing":0,"ocean_menu_typo_spacing_tablet":0,"ocean_menu_typo_spacing_mobile":0,"ocean_menu_typo_spacing_unit":"","ocean_menu_link_color":"","ocean_menu_link_color_hover":"","ocean_menu_link_color_active":"","ocean_menu_link_background":"","ocean_menu_link_hover_background":"","ocean_menu_link_active_background":"","ocean_menu_social_links_bg":"","ocean_menu_social_hover_links_bg":"","ocean_menu_social_links_color":"","ocean_menu_social_hover_links_color":"","ocean_disable_title":"default","ocean_disable_heading":"default","ocean_post_title":"","ocean_post_subheading":"","ocean_post_title_style":"","ocean_post_title_background_color":"","ocean_post_title_background":0,"ocean_post_title_bg_image_position":"","ocean_post_title_bg_image_attachment":"","ocean_post_title_bg_image_repeat":"","ocean_post_title_bg_image_size":"","ocean_post_title_height":0,"ocean_post_title_bg_overlay":0.5,"ocean_post_title_bg_overlay_color":"","ocean_disable_breadcrumbs":"default","ocean_breadcrumbs_color":"","ocean_breadcrumbs_separator_color":"","ocean_breadcrumbs_links_color":"","ocean_breadcrumbs_links_hover_color":"","ocean_display_footer_widgets":"default","ocean_display_footer_bottom":"default","ocean_custom_footer_template":"0","footnotes":""},"_links":{"self":[{"href":"https:\/\/uparbois.org\/index.php?rest_route=\/wp\/v2\/pages\/1602"}],"collection":[{"href":"https:\/\/uparbois.org\/index.php?rest_route=\/wp\/v2\/pages"}],"about":[{"href":"https:\/\/uparbois.org\/index.php?rest_route=\/wp\/v2\/types\/page"}],"author":[{"embeddable":true,"href":"https:\/\/uparbois.org\/index.php?rest_route=\/wp\/v2\/users\/3"}],"replies":[{"embeddable":true,"href":"https:\/\/uparbois.org\/index.php?rest_route=%2Fwp%2Fv2%2Fcomments&post=1602"}],"version-history":[{"count":2038,"href":"https:\/\/uparbois.org\/index.php?rest_route=\/wp\/v2\/pages\/1602\/revisions"}],"predecessor-version":[{"id":20621,"href":"https:\/\/uparbois.org\/index.php?rest_route=\/wp\/v2\/pages\/1602\/revisions\/20621"}],"wp:attachment":[{"href":"https:\/\/uparbois.org\/index.php?rest_route=%2Fwp%2Fv2%2Fmedia&parent=1602"}],"curies":[{"name":"wp","href":"https:\/\/api.w.org\/{rel}","templated":true}]}}